{"id":13,"date":"2015-12-14T08:48:42","date_gmt":"2015-12-14T07:48:42","guid":{"rendered":"https:\/\/pbellevue.libreedu.ovh\/productions\/wpcdi\/?page_id=13"},"modified":"2017-12-07T13:32:32","modified_gmt":"2017-12-07T12:32:32","slug":"cinema","status":"publish","type":"page","link":"https:\/\/pbellevue.libreedu.ovh\/productions\/wpcdi\/index.php\/cinema\/","title":{"rendered":"Cin\u00e9ma"},"content":{"rendered":"<p><img decoding=\"async\" loading=\"lazy\" src=\"https:\/\/pbellevue.libreedu.ovh\/productions\/wpcdi\/wp-content\/uploads\/keaton3.jpg\" alt=\"keaton3\" class=\"aligncenter wp-image-721 size-full\" width=\"626\" height=\"500\" srcset=\"https:\/\/pbellevue.libreedu.ovh\/productions\/wpcdi\/wp-content\/uploads\/keaton3.jpg 626w, https:\/\/pbellevue.libreedu.ovh\/productions\/wpcdi\/wp-content\/uploads\/keaton3-300x240.jpg 300w\" sizes=\"(max-width: 626px) 100vw, 626px\" \/><\/p>\n<p>Les \u00e9l\u00e8ves de secondes et premi\u00e8res participent au dispositif \u00ab\u00a0<a href=\"http:\/\/www.acreamp.net\/lyceens-au-cinema-en-occitanie-pyrenees-mediterranee\/\">Lyc\u00e9ens au cin\u00e9ma<\/a>\u00ab\u00a0.<\/p>\n<p>Les \u00e9l\u00e8ves de litt\u00e9rature et Soci\u00e9t\u00e9 sont impliqu\u00e9s dans le dispositif national du <a href=\"http:\/\/eduscol.education.fr\/pjrl\" target=\"_blank\">Prix Jean Renoir<\/a>.<\/p>\n<p>Les \u00e9l\u00e8ves du lyc\u00e9e Bellevue participent activement aux diff\u00e9rents festivals de cin\u00e9ma dans le Tarn et de la R\u00e9gion (Les <a href=\"http:\/\/cine-oeillades.fr\/\" target=\"_blank\">\u0152illades<\/a>, <a href=\"https:\/\/www.les400coupsgaillac.com\/\" target=\"_blank\">Festival du cin\u00e9ma europ\u00e9en<\/a>, <a href=\"https:\/\/www.cinespagnol.com\/\" target=\"_blank\">Cinespana<\/a>, Festival <a href=\"http:\/\/www.cinelatino.fr\/\" target=\"_blank\">Cinelatino<\/a>&#8230;).<\/p>\n","protected":false},"excerpt":{"rendered":"<p>Les \u00e9l\u00e8ves de secondes et premi\u00e8res participent au dispositif \u00ab\u00a0Lyc\u00e9ens au cin\u00e9ma\u00ab\u00a0. Les \u00e9l\u00e8ves de litt\u00e9rature et Soci\u00e9t\u00e9 sont impliqu\u00e9s dans le dispositif national du Prix Jean Renoir. Les \u00e9l\u00e8ves du lyc\u00e9e Bellevue participent activement aux diff\u00e9rents festivals de cin\u00e9ma dans le Tarn et de la R\u00e9gion (Les \u0152illades, Festival du cin\u00e9ma europ\u00e9en, Cinespana, Festival [&hellip;]<\/p>\n","protected":false},"author":1,"featured_media":0,"parent":0,"menu_order":0,"comment_status":"closed","ping_status":"closed","template":"","meta":{"ngg_post_thumbnail":0},"blocksy_meta":{"styles_descriptor":{"styles":{"desktop":"","tablet":"","mobile":""},"google_fonts":[],"version":6}},"_links":{"self":[{"href":"https:\/\/pbellevue.libreedu.ovh\/productions\/wpcdi\/index.php\/wp-json\/wp\/v2\/pages\/13"}],"collection":[{"href":"https:\/\/pbellevue.libreedu.ovh\/productions\/wpcdi\/index.php\/wp-json\/wp\/v2\/pages"}],"about":[{"href":"https:\/\/pbellevue.libreedu.ovh\/productions\/wpcdi\/index.php\/wp-json\/wp\/v2\/types\/page"}],"author":[{"embeddable":true,"href":"https:\/\/pbellevue.libreedu.ovh\/productions\/wpcdi\/index.php\/wp-json\/wp\/v2\/users\/1"}],"replies":[{"embeddable":true,"href":"https:\/\/pbellevue.libreedu.ovh\/productions\/wpcdi\/index.php\/wp-json\/wp\/v2\/comments?post=13"}],"version-history":[{"count":11,"href":"https:\/\/pbellevue.libreedu.ovh\/productions\/wpcdi\/index.php\/wp-json\/wp\/v2\/pages\/13\/revisions"}],"predecessor-version":[{"id":1964,"href":"https:\/\/pbellevue.libreedu.ovh\/productions\/wpcdi\/index.php\/wp-json\/wp\/v2\/pages\/13\/revisions\/1964"}],"wp:attachment":[{"href":"https:\/\/pbellevue.libreedu.ovh\/productions\/wpcdi\/index.php\/wp-json\/wp\/v2\/media?parent=13"}],"curies":[{"name":"wp","href":"https:\/\/api.w.org\/{rel}","templated":true}]}}